{"id":29257,"date":"2024-08-01T15:02:19","date_gmt":"2024-08-01T13:02:19","guid":{"rendered":"https:\/\/www.data4group.com\/?page_id=29257"},"modified":"2024-08-16T16:18:11","modified_gmt":"2024-08-16T14:18:11","slug":"polityka-prywatnosci-dla-uzytkownikow-strony-internetowej","status":"publish","type":"page","link":"https:\/\/www.data4group.com\/pl\/polityka-prywatnosci-dla-uzytkownikow-strony-internetowej\/","title":{"rendered":"Polityka prywatno\u015bci dla u\u017cytkownik\u00f3w strony internetowej"},"content":{"rendered":"<p>Zgodnie z przepisami maj\u0105cymi zastosowanie do ochrony danych osobowych (&#8222;<b>Przepisy o ochronie danych<\/b>&#8222;), \u0142\u0105cznie z rozporz\u0105dzeniem Parlamentu Europejskiego I Rady (UE) 2016\/679 (&#8222;<b>RODO<\/b>&#8222;), <b>DATA4 Services S.A.S.U. <\/b>(&#8222;<b>DATA4<\/b>&#8221; lub &#8222;<b>Sp\u00f3\u0142ka<\/b>&#8222;, &#8222;<b>Administrator danych<\/b>&#8222;), jako administrator danych, zapewnia u\u017cytkownikom (zwanym dalej &#8222;<b>U\u017cytkownikami<\/b>&#8221; lub &#8222;<b>Osobami, kt\u00f3rych dane dotycz\u0105<\/b>&#8221; lub, w liczbie pojedynczej, &#8222;<b>U\u017cytkownikiem<\/b>&#8221; lub &#8222;<b>Osob\u0105, kt\u00f3rej dane dotycz\u0105<\/b>&#8222;) strony internetowej<a href=\"http:\/\/www.data4group.com\"> www.data4group.com<\/a> (&#8222;<b>Strona internetowa<\/b>&#8222;), \u017ce b\u0119dzie przetwarza\u0142 ich dane osobowe zebrane za po\u015brednictwem samej Strony internetowej w spos\u00f3b i w celach opisanych w niniejszej polityce prywatno\u015bci (&#8222;<b>Polityka<\/b>&#8222;).<\/p>\n<p>Niniejsza Polityka ma zastosowanie tylko i wy\u0142\u0105cznie do Strony internetowej i nie ma zastosowania do innych stron internetowych nale\u017c\u0105cych do os\u00f3b trzecich, do kt\u00f3rych U\u017cytkownik mo\u017ce uzyska\u0107 dost\u0119p za po\u015brednictwem jakichkolwiek link\u00f3w, kt\u00f3re mog\u0105 znajdowa\u0107 si\u0119 na Stronie internetowej. W przypadku, gdy U\u017cytkownik uzyskuje dost\u0119p do innej strony internetowej, Sp\u00f3\u0142ka zaleca zapoznanie si\u0119 z informacjami dotycz\u0105cymi przetwarzania danych osobowych obowi\u0105zuj\u0105cymi na tej stronie.<\/p>\n<p>Przegl\u0105daj\u0105c Stron\u0119 internetow\u0105, U\u017cytkownik potwierdza, \u017ce przeczyta\u0142 i zapozna\u0142 si\u0119 z tre\u015bci\u0105 niniejszej Polityki.<\/p>\n<h2>1.\u00a0 \u00a0 CZYM S\u0104 DANE OSOBOWE?<\/h2>\n<p>Dane osobowe to wszelkie informacje identyfikuj\u0105ce lub umo\u017cliwiaj\u0105ce identyfikacj\u0119 osoby fizycznej (kt\u00f3rej to\u017csamo\u015b\u0107 mo\u017cna ustali\u0107 bezpo\u015brednio lub po\u015brednio, w szczeg\u00f3lno\u015bci za pomoc\u0105 identyfikatora).<\/p>\n<h2>2.\u00a0 \u00a0 KTO JEST ADMINISTRATOREM DANYCH OSOBOWYCH?<\/h2>\n<p>Administratorem Danych jest <b>DATA4 Services S.A.S.U.<\/b>, z siedzib\u0105 we Francji pod adresem: 6 Rue de la Tr\u00e9moille, 75008 Pary\u017c, numer identyfikacji podatkowej FR35493254643, z kt\u00f3rym mo\u017cna si\u0119 skontaktowa\u0107 pod nast\u0119puj\u0105cym adresem e-mail: <a href=\"mailto:&#112;&#114;&#105;vac&#121;&#064;d&#097;t&#097;4g&#114;&#111;u&#112;&#046;&#099;&#111;m\">pr&#105;v&#097;cy&#064;dat&#097;&#052;&#103;ro&#117;p.&#099;&#111;&#109;<\/a>. DATA4 jest jedn\u0105 ze sp\u00f3\u0142ek Grupy DATA4 (&#8222;<b>Grupa<\/b> <b>DATA4<\/b>&#8222;).<\/p>\n<h2>3.\u00a0 \u00a0 JAKIE DANE OSOBOWE PRZETWARZAMY ZA PO\u015aREDNICTWEM STRONY INTERNETOWEJ?<\/h2>\n<p>Sp\u00f3\u0142ka b\u0119dzie przetwarza\u0107 wy\u0142\u0105cznie nast\u0119puj\u0105ce rodzaje danych osobowych U\u017cytkownik\u00f3w, kt\u00f3rzy przegl\u0105daj\u0105 i wchodz\u0105 w interakcje z us\u0142ugami internetowymi \u015bwiadczonymi przez Stron\u0119 internetow\u0105, a w szczeg\u00f3lno\u015bci::<\/p>\n<p><span style=\"text-decoration: underline;\">(i)\u00a0 \u00a0 \u00a0 \u00a0 <i>Dane osobowe gromadzone podczas przegl\u0105dania Strony internetowej przez U\u017cytkownika<\/i><\/span><\/p>\n<p>Systemy komputerowe, technologia wykorzystywania plik\u00f3w cookie i procedury oprogramowania wykorzystywane do prowadzenia Strony internetowej gromadz\u0105, podczas ich normalnego funkcjonowania, pewne dane, kt\u00f3rych przekazanie jest dorozumiane podczas korzystania z Internetu. Tego rodzaju informacje nie s\u0105 pozyskiwane do cel\u00f3w bezpo\u015brednio zwi\u0105zanych z mo\u017cliwymi do zidentyfikowania osobami, kt\u00f3rych dane dotycz\u0105, ale ze wzgl\u0119du na sw\u00f3j charakter mog\u0105 by\u0107 przetwarzane i \u0142\u0105czone z danymi przechowywanymi przez osoby trzecie w spos\u00f3b umo\u017cliwiaj\u0105cy identyfikacj\u0119 U\u017cytkownika.<\/p>\n<p>Ta kategoria danych obejmuje na przyk\u0142ad adresy IP lub nazwy domen komputer\u00f3w u\u017cywanych przez U\u017cytkownik\u00f3w, kt\u00f3rzy \u0142\u0105cz\u0105 si\u0119 ze Stron\u0105 internetow\u0105, strony odwiedzane przez U\u017cytkownik\u00f3w w ramach Strony internetowej, nazwy domen i adresy stron internetowych, z kt\u00f3rych U\u017cytkownik uzyska\u0142 dost\u0119p do Strony internetowej (poprzez odes\u0142ania), protoko\u0142y internetowe URI (Uniform Resource Identifier) adresy \u017c\u0105danych zasob\u00f3w, czas wys\u0142ania \u017c\u0105dania, metod\u0119 u\u017cyt\u0105 do wys\u0142ania \u017c\u0105dania do serwera internetowego, rozmiar pliku otrzymanego w odpowiedzi, kod numeryczny wskazuj\u0105cy status odpowiedzi udzielonej przez serwer oraz inne ustawienia zwi\u0105zane z typem przegl\u0105darki (np. Internet Explorer, Google Chrome, Firefox), system operacyjny (np. Windows) i \u015brodowisko komputerowe U\u017cytkownika.<\/p>\n<p>Dane te zbierane s\u0105 r\u00f3wnie\u017c za pomoc\u0105 technologii wykorzystywania plik\u00f3w cookies, czyli plik\u00f3w tekstowych i numerycznych instalowanych podczas przegl\u0105dania strony internetowej w pami\u0119ci urz\u0105dzenia (komputera, smartfona lub tabletu) po\u0142\u0105czonego z Internetem poprzez zainstalowan\u0105 w nim przegl\u0105dark\u0119 internetow\u0105. W celu uzyskania szczeg\u00f3\u0142owych informacji dotycz\u0105cych plik\u00f3w cookie wykorzystywanych przez Stron\u0119 internetow\u0105, zapraszamy U\u017cytkownik\u00f3w do zapoznania si\u0119 z Polityk\u0105 Plik\u00f3w Cookies dost\u0119pn\u0105 pod poni\u017cszym linkiem: <a href=\"https:\/\/www.data4group.com\/pl\/polityka-prywatnosci-plikow-cookies-dla-uzytkownikow\/\">Polityka prywatno\u015bci plik\u00f3w cookies dla u\u017cytkownik\u00f3w<\/a>.<\/p>\n<p><span style=\"text-decoration: underline;\"><i>(ii)<\/i>\u00a0 \u00a0 \u00a0 <i>Dane osobowe podane bezpo\u015brednio przez U\u017cytkownika w kontek\u015bcie komunikacji ze Sp\u00f3\u0142k\u0105<\/i><\/span><\/p>\n<p>Dane te s\u0105 przekazywane Sp\u00f3\u0142ce bezpo\u015brednio przez U\u017cytkownika (takie jak mi\u0119dzy innymi, ale nie wy\u0142\u0105cznie: imi\u0119, nazwisko, numer telefonu, adres e-mail, stanowisko, firma, wszelkie dane osobowe nadawcy zawarte w wiadomo\u015bciach e-mail lub za\u0142\u0105cznikach do nich itp.), po wys\u0142aniu wiadomo\u015bci za po\u015brednictwem formularza zawartego w sekcji &#8222;Kontakt&#8221; na Stronie internetowej.<\/p>\n<h2>4.\u00a0 \u00a0 W JAKICH CELACH, NA JAKIEJ PODSTAWIE PRAWNEJ I JAK D\u0141UGO PRZETWARZAMY DANE OSOBOWE?<\/h2>\n<p>Dane osobowe przekazane przez U\u017cytkownika b\u0119d\u0105 przetwarzane w nast\u0119puj\u0105cych celach (&#8222;<b>Cele<\/b>&#8222;):<\/p>\n<table>\n<tbody>\n<tr>\n<td><b>Cele przetwarzania danych<\/b><\/td>\n<td><b>Podstawa prawna przetwarzania<\/b><\/td>\n<td><b>Okres przechowywania<\/b><\/td>\n<\/tr>\n<tr>\n<td>a) Wype\u0142nienie obowi\u0105zk\u00f3w prawnych, ksi\u0119gowych i podatkowych, kt\u00f3rym podlega Sp\u00f3\u0142ka.<\/td>\n<td><b>Artyku\u0142 6(1)(c) RODO:<\/b><\/p>\n<p>wype\u0142nienie obowi\u0105zku prawnego ci\u0105\u017c\u0105cego na Administratorze Danych<\/td>\n<td>Dane osobowe zebrane w tym Celu b\u0119d\u0105 przechowywane i przetwarzane przez ca\u0142y okres \u015bwiadczenia us\u0142ug, a po jego zako\u0144czeniu, w ka\u017cdym przypadku, nie d\u0142u\u017cej ni\u017c 5 lat licz\u0105c od ko\u0144ca roku kalendarzowego, w kt\u00f3rym up\u0142yn\u0105\u0142 termin p\u0142atno\u015bci podatku (ustawa Ordynacja podatkowa).<\/td>\n<\/tr>\n<tr>\n<td>b) Umo\u017cliwienie U\u017cytkownikom przegl\u0105dania Strony Internetowej.<\/td>\n<td><b>Artyku\u0142 6(1)(f) RODO:<\/b><\/p>\n<p>Prawnie uzasadniony interes Administratora Danych polegaj\u0105cy na: (i) informowaniu U\u017cytkownik\u00f3w, za po\u015brednictwem zawarto\u015bci Strony Internetowej, oraz promowaniu za ich po\u015brednictwem dzia\u0142alno\u015bci Sp\u00f3\u0142ki, prowadzonych dzia\u0142a\u0144 i oferowanych us\u0142ug; (ii) poprawie jako\u015bci i struktury Strony Internetowej, a tak\u017ce tworzeniu nowych us\u0142ug, funkcjonalno\u015bci i\/lub jej cech.<\/td>\n<td>Dane osobowe zebrane w tym Celu b\u0119d\u0105 przechowywane i przetwarzane przez ca\u0142y okres przegl\u0105dania, a po jego zako\u0144czeniu, w ka\u017cdym przypadku, nie d\u0142u\u017cej ni\u017c przez 13 miesi\u0119cy.<\/p>\n<p>Adres IP podczas przegl\u0105dania, co zgodnie z prawem mo\u017cna uzna\u0107 za dane osobowe, jest przechowywany przez okres 7 dni, chyba \u017ce uzasadnione zdarzenie wskazuje na d\u0142u\u017cszy okres przechowywania (np. z powodu ataku hakerskiego lub wstrzymania przetwarzania danych w zwi\u0105zku z post\u0119powaniem s\u0105dowym).<\/td>\n<\/tr>\n<tr>\n<td>c) Nawi\u0105zanie kontaktu z U\u017cytkownikiem zainteresowanym us\u0142ugami Sp\u00f3\u0142ki za po\u015brednictwem formularza kontaktowego dost\u0119pnego na Stronie internetowej.<\/td>\n<td><b>Artyku\u0142 6(1)(f) RODO:<\/b><\/p>\n<p>Prawnie uzasadniony interes Administratora Danych polegaj\u0105cy na: (i) wykorzystaniu informacji podanych w formularzu kontaktowym do cel\u00f3w rozwoju dzia\u0142alno\u015bci i obs\u0142ugi zapytania U\u017cytkownika.<\/td>\n<td>Dane osobowe zebrane w tym Celu b\u0119d\u0105 przechowywane tylko tak d\u0142ugo, jak jest to absolutnie konieczne do osi\u0105gni\u0119cia Cel\u00f3w, dla kt\u00f3rych zosta\u0142y zebrane, a w ka\u017cdym razie nie d\u0142u\u017cej ni\u017c 3 miesi\u0105ce po ich zebraniu.<\/td>\n<\/tr>\n<tr>\n<td>d) Utrzymanie i wsparcie techniczne niezb\u0119dne do zapewnienia prawid\u0142owego funkcjonowania Strony internetowej i zwi\u0105zanych z ni\u0105 us\u0142ug.<\/td>\n<td><b>Artyku\u0142 6(1)(f) RODO:<\/b><\/p>\n<p>Prawnie uzasadniony interes Administratora Danych polegaj\u0105cy na: (i) poprawie jako\u015bci i struktury Strony internetowej, a tak\u017ce tworzeniu nowych us\u0142ug, funkcjonalno\u015bci i\/lub cech Strony internetowej; (ii) zarz\u0105dzaniu i przetwarzaniu bada\u0144 statystycznych dotycz\u0105cych korzystania ze Strony internetowej (po anonimizacji danych osobowych); (iii) badaniu wzorc\u00f3w ruchu i utrzymywaniu lub przywracaniu bezpiecze\u0144stwa Strony internetowej lub wykrywaniu i usuwaniu usterek i b\u0142\u0119d\u00f3w technicznych, a tak\u017ce \u015bwiadczeniu us\u0142ug polegaj\u0105cych na rozwi\u0105zywaniu problem\u00f3w dotycz\u0105cych dzia\u0142ania Strony internetowej.<\/td>\n<td>Dane osobowe zebrane w tym Celu b\u0119d\u0105 przechowywane i przetwarzane przez ca\u0142y okres przegl\u0105dania, a po jego zako\u0144czeniu, w ka\u017cdym przypadku, nie d\u0142u\u017cej ni\u017c 3 miesi\u0105ce.<\/td>\n<\/tr>\n<tr>\n<td>e) Umo\u017cliwienie Sp\u00f3\u0142ce wykonywania przys\u0142uguj\u0105cych jej uprawnie\u0144 w s\u0105dzie i zwalczanie bezprawnych dzia\u0142a\u0144 oraz w zakresie niezb\u0119dnym do ustalenia, dochodzenia lub obrony przed roszczeniami.<\/td>\n<td><b>Artyku\u0142 6(1)(f) RODO:<\/b><\/p>\n<p>Prawnie uzasadniony interes Administratora Danych polegaj\u0105cy na: (i) zapobieganiu oszustwom lub innym przest\u0119pstwom poprzez korzystanie ze Strony internetowej; (ii) zarz\u0105dzaniu sprawami s\u0105dowymi Administratora danych lub podmiotu trzeciego; (iii) ustalaniu lub dochodzeniu roszcze\u0144 przez Administratora Danych lub jego sp\u00f3\u0142ki powi\u0105zanej lub w celu obrony przed roszczeniami Administratora Danych lub jego sp\u00f3\u0142ek powi\u0105zanych.<\/td>\n<td>Dane osobowe zebrane w tym Celu b\u0119d\u0105 przechowywane tylko tak d\u0142ugo, jak jest to absolutnie konieczne do osi\u0105gni\u0119cia Cel\u00f3w, dla kt\u00f3rych zosta\u0142y zebrane, a w ka\u017cdym razie nie d\u0142u\u017cej ni\u017c 6 lat po powstaniu roszczenia, pod warunkiem, \u017ce okres przedawnienia ko\u0144czy si\u0119 z ko\u0144cem roku.<\/td>\n<\/tr>\n<tr>\n<td>f) Umo\u017cliwienie Sp\u00f3\u0142ce wysy\u0142ania U\u017cytkownikowi wiadomo\u015bci e-mail na temat produkt\u00f3w, inicjatyw i\/lub us\u0142ug proponowanych przez Sp\u00f3\u0142k\u0119 i\/lub newsletter\u00f3w lub innych materia\u0142\u00f3w reklamowych, informacyjnych lub promocyjnych.<\/p>\n<p>&nbsp;<\/p>\n<p>&nbsp;<\/p>\n<p>g) Dzia\u0142ania marketingowe mog\u0105 obejmowa\u0107 badania rynku i ankiety przeprowadzane w celu okre\u015blenia poziomu zadowolenia Os\u00f3b, kt\u00f3rych dane dotycz\u0105, oraz przeprowadzenia analizy statystycznej, nawet przy u\u017cyciu zagregowanych anonimowych danych.<\/p>\n<p>&nbsp;<\/td>\n<td><b>Artyku\u0142 6(1)(a) RODO:<\/b><\/p>\n<p>zgoda osoby, kt\u00f3rej dane dotycz\u0105.<\/p>\n<p>U\u017cytkownicy, z kt\u00f3rymi Sp\u00f3\u0142ka utrzymywa\u0142a stosunki umowne i kt\u00f3rzy wyrazili na to uprzedni\u0105 zgod\u0119, s\u0105 informowani, \u017ce Sp\u00f3\u0142ka mo\u017ce wysy\u0142a\u0107 im wiadomo\u015bci dotycz\u0105ce podobnych us\u0142ug i produkt\u00f3w, zgodnie ze wszystkimi obowi\u0105zuj\u0105cymi przepisami prawa i maj\u0105cymi zastosowanie w danym czasie, pod warunkiem, \u017ce U\u017cytkownicy nie odm\u00f3wili wys\u0142ania takich wiadomo\u015bci.<\/p>\n<p>Administrator Danych informuje r\u00f3wnie\u017c U\u017cytkownika, \u017ce ma on mo\u017cliwo\u015b\u0107 (i) wycofania w dowolnym momencie udzielonej zgody, przy czym rozumie si\u0119, \u017ce wycofanie zgody nie wp\u0142ywa na zgodno\u015b\u0107 z prawem przetwarzania, kt\u00f3rego dokonano na podstawie zgody udzielonej przed jej wycofaniem; (ii) wniesienia w dowolnym momencie sprzeciwu wobec przetwarzania jego danych osobowych na podstawie prawnie uzasadnionych interes\u00f3w Sp\u00f3\u0142ki.<\/p>\n<p>W szczeg\u00f3lno\u015bci, w przypadku, gdy U\u017cytkownik w przysz\u0142o\u015bci zechce zaprzesta\u0107 otrzymywania jakichkolwiek wiadomo\u015bci wysy\u0142anych przez Sp\u00f3\u0142k\u0119 w celach marketingowych, mo\u017ce on zrezygnowa\u0107 z subskrypcji listy mailingowej, wybieraj\u0105c przycisk &#8222;Zrezygnuj z subskrypcji&#8221; znajduj\u0105cy si\u0119 w dolnej cz\u0119\u015bci wiadomo\u015bci e-mail.<\/td>\n<td>Dane osobowe Os\u00f3b, kt\u00f3rych dane dotycz\u0105, przetwarzane w celach marketingowych b\u0119d\u0105 przechowywane do czasu, gdy Osoba, kt\u00f3rej dane dotycz\u0105, za\u017c\u0105da ich usuni\u0119cia lub wycofa zgod\u0119, a w ka\u017cdym razie nie d\u0142u\u017cej ni\u017c 13 miesi\u0119cy po ich zebraniu.<\/td>\n<\/tr>\n<tr>\n<td>h) Przekazywanie informacji osobom trzecim w celu prowadzenia przez nie w\u0142asnych dzia\u0142a\u0144 marketingowych (np. sp\u00f3\u0142kom nale\u017c\u0105cym do Grupy DATA4 Group, Data4 Services Italy oraz Data4 Luxembourg) w celu poprawy wizerunku firmy na zewn\u0105trz, a tym samym ze wzgl\u0119d\u00f3w zwi\u0105zanych z to\u017csamo\u015bci\u0105 korporacyjn\u0105.<\/td>\n<td><b>Artyku\u0142 6(1)(a) of the RODO:<\/b><\/p>\n<p>zgoda U\u017cytkownika.<\/p>\n<p>&nbsp;<\/td>\n<td>Dane osobowe zebrane w tym Celu b\u0119d\u0105 przechowywane tylko tak d\u0142ugo, jak jest to absolutnie konieczne do osi\u0105gni\u0119cia Cel\u00f3w, dla kt\u00f3rych zosta\u0142y zebrane lub do momentu wycofania zgody (tj. rezygnacji z subskrypcji), w ka\u017cdym przypadku nie d\u0142u\u017cej ni\u017c 12 miesi\u0119cy po ich zebraniu.<\/td>\n<\/tr>\n<\/tbody>\n<\/table>\n<p>Po up\u0142ywie okres\u00f3w przechowywania dane osobowe zostan\u0105 usuni\u0119te, chyba \u017ce Sp\u00f3\u0142ka b\u0119dzie musia\u0142a wykona\u0107 czynno\u015bci przetwarzania danych opisane w lit. a) i e) w powy\u017cszej tabeli, w razie potrzeby, po ich zminimalizowaniu, w celu ich zachowania.<\/p>\n<p>W przypadku, gdy Sp\u00f3\u0142ka podejmie decyzj\u0119 o przetwarzaniu zebranych danych osobowych w innym celu ni\u017c Cele, dla kt\u00f3rych dane osobowe zosta\u0142y pierwotnie zebrane lub dla kt\u00f3rych by\u0142a uprawniona, Sp\u00f3\u0142ka poinformuje o tym wcze\u015bniej U\u017cytkownika, a Administrator Danych odbierze jego zgod\u0119 na tak\u0105 czynno\u015b\u0107 przetwarzania, je\u017celi jest to konieczne.<\/p>\n<h2>5.\u00a0 \u00a0 CHARAKTER UDOST\u0118PNIANYCH DANYCH OSOBOWYCH<\/h2>\n<p>Udost\u0119pnianie danych osobowych przez U\u017cytkownika odbywa si\u0119 automatycznie poprzez przegl\u0105danie Strony internetowej. W zwi\u0105zku z tym, je\u015bli U\u017cytkownik nie zamierza podawa\u0107 \u017cadnych danych osobowych poprzez przegl\u0105danie Strony internetowej, prosimy o nieodwiedzanie tej Strony internetowej, niekorzystanie z niej w inny spos\u00f3b lub niewyra\u017canie zgody, gdy taka opcja jest mu oferowana zgodnie z Przepisami o ochronie danych.<\/p>\n<p>Udost\u0119pnianie danych osobowych bezpo\u015brednio przez U\u017cytkownika w celu komunikacji ze Sp\u00f3\u0142k\u0105 jest dobrowolne. Niepodanie takich danych osobowych mo\u017ce jednak prowadzi\u0107 do braku mo\u017cliwo\u015bci otrzymywania przez U\u017cytkownika odpowiedzi na wiadomo\u015bci wysy\u0142ane przez U\u017cytkownika do Sp\u00f3\u0142ki.<\/p>\n<p>Udost\u0119pnianie danych osobowych przetwarzanych, wy\u0142\u0105cznie za zgod\u0105 U\u017cytkownika, w Celach marketingowych i promocyjnych jest dobrowolne. Jednak\u017ce brak wyra\u017cenia zgody w tym Celu spowoduje nieotrzymywanie informacji marketingowych i promocyjnych.<\/p>\n<h2>6.\u00a0 \u00a0 JAK PRZETWARZAMY DANE OSOBOWE?<\/h2>\n<p>W zwi\u0105zku z powy\u017cszymi Celami, przetwarzanie danych osobowych mo\u017ce polega\u0107 na czynno\u015bciach wskazanych w art. 4 ust. 1 pkt 2 RODO, a mianowicie: zbieraniu, utrwalaniu, organizowaniu, przechowywaniu, przegl\u0105daniu, ograniczaniu, usuwaniu i niszczeniu danych osobowych.<\/p>\n<p>Ponadto dane osobowe Os\u00f3b, kt\u00f3rych dane dotycz\u0105, b\u0119d\u0105:<\/p>\n<ul>\n<li>przetwarzane zgodnie z zasadami zgodno\u015bci z prawem, rzetelno\u015bci i przejrzysto\u015bci;<\/li>\n<li>gromadzone w wy\u017cej okre\u015blonych uzasadnionych Celach;<\/li>\n<li>adekwatne, stosowne i ograniczone do tego, co niezb\u0119dne w zwi\u0105zku z Celami, dla kt\u00f3rych s\u0105 przetwarzane;<\/li>\n<li>przechowywane w formie umo\u017cliwiaj\u0105cej identyfikacj\u0119 Osoby, kt\u00f3rej dane dotycz\u0105, przez okres nie d\u0142u\u017cszy, ni\u017c jest to niezb\u0119dne do Cel\u00f3w, dla kt\u00f3rych dane osobowe s\u0105 przetwarzane zgodnie z powy\u017csz\u0105 Sekcj\u0105 4;<\/li>\n<li>przetwarzane w spos\u00f3b zapewniaj\u0105cy odpowiednie bezpiecze\u0144stwo danych osobowych przed ryzykiem zniszczenia, utraty, zmiany, nieuprawnionego ujawnienia lub dost\u0119pu za pomoc\u0105 technicznych i organizacyjnych \u015brodk\u00f3w ochrony.<\/li>\n<\/ul>\n<h2>7.\u00a0 \u00a0 KOMU PRZEKAZUJEMY DANE OSOBOWE?<\/h2>\n<p>Dane osobowe U\u017cytkownik\u00f3w b\u0119d\u0105 przetwarzane przez pracownik\u00f3w i wsp\u00f3\u0142pracownik\u00f3w Sp\u00f3\u0142ki, specjalnie wyznaczonych jako osoby upowa\u017cnione do przetwarzania zgodnie z art. 29 RODO.<\/p>\n<p>Sp\u00f3\u0142ka mo\u017ce ujawni\u0107 dane osobowe U\u017cytkownika w Celach wskazanych w powy\u017cszej Sekcji 4 organom nadzorczym i\/lub kontrolnym Sp\u00f3\u0142ki, wymiarowi sprawiedliwo\u015bci oraz wszelkim innym podmiotom, kt\u00f3rym ujawnienie jest wymagane przez prawo dla realizacji wspomnianych Cel\u00f3w, dzia\u0142aj\u0105cym jako autonomiczni administratorzy danych.<\/p>\n<p>Ponadto Sp\u00f3\u0142ka mo\u017ce powierzy\u0107 niekt\u00f3re czynno\u015bci przetwarzania danych osobowych wykonywane w Celach, o kt\u00f3rych mowa w powy\u017cszej Sekcji 4, kategoriom odbiorc\u00f3w, wyra\u017anie wybranym i wyznaczonym przez Sp\u00f3\u0142k\u0119, w razie potrzeby, jako podmioty przetwarzaj\u0105ce dane zgodnie z art. 28 RODO, w tym mi\u0119dzy innymi:<\/p>\n<ul>\n<li>sp\u00f3\u0142kom z Grupy DATA4;<\/li>\n<li>dostawcom us\u0142ug technicznych Strony internetowej;<\/li>\n<li>dostawcom us\u0142ug hostingowych oferuj\u0105cego us\u0142ugi hostingu Strony internetowej;<\/li>\n<li>agencjom komunikacyjnym zaanga\u017cowanym w badania rynku, kt\u00f3re mog\u0105 by\u0107 przeprowadzane przez Sp\u00f3\u0142k\u0119 przy u\u017cyciu, po anonimizacji, danych przegl\u0105dania U\u017cytkownik\u00f3w.<\/li>\n<\/ul>\n<p>Dane osobowe U\u017cytkownik\u00f3w nie b\u0119d\u0105 ujawniane publicznie ani nieokre\u015blonym osobom.<\/p>\n<h2>8.\u00a0 \u00a0 CZY PRZEKAZUJEMY DANE OSOBOWE DO PA\u0143STW POZA EOG?<\/h2>\n<p>Przetwarzanie i przechowywanie danych osobowych b\u0119dzie odbywa\u0107 si\u0119 na serwerach Sp\u00f3\u0142ki zlokalizowanych w EOG i\/lub firmach zewn\u0119trznych nale\u017cycie wyznaczonych jako podmioty przetwarzaj\u0105ce dane.<\/p>\n<p>Jakiekolwiek przekazanie danych osobowych Os\u00f3b, kt\u00f3rych dane dotycz\u0105 poza EOG mo\u017ce nast\u0105pi\u0107 wy\u0142\u0105cznie na warunkach i z gwarancjami przewidzianymi w Przepisach o ochronie danych, a w szczeg\u00f3lno\u015bci zgodnie z art. 44 &#8211; 49 RODO.<\/p>\n<h2>9.\u00a0 \u00a0 STRONY INTERNETOWE OS\u00d3B TRZECICH<\/h2>\n<p>Nale\u017cy podkre\u015bli\u0107, \u017ce je\u015bli Strona internetowa zawiera linki, kt\u00f3re odsy\u0142aj\u0105 do stron internetowych os\u00f3b trzecich, Sp\u00f3\u0142ka nie mo\u017ce sprawowa\u0107 kontroli nad zawarto\u015bci\u0105 tych stron ani nie ma dost\u0119pu do danych osobowych Kandydat\u00f3w\/odwiedzaj\u0105cych te strony. Ponadto Sp\u00f3\u0142ka nie ma dost\u0119pu do danych osobowych os\u00f3b odwiedzaj\u0105cych\/Kandydat\u00f3w korzystaj\u0105cych ze stron internetowych.<\/p>\n<p>W\u0142a\u015bciciele ww. stron internetowych pozostan\u0105 zatem jedynymi i wy\u0142\u0105cznymi w\u0142a\u015bcicielami i administratorami przetwarzania danych osobowych Kandydat\u00f3w, a Sp\u00f3\u0142ka pozostanie podmiotem zewn\u0119trznym odno\u015bnie tej dzia\u0142alno\u015bci, jak r\u00f3wnie\u017c odno\u015bnie wszelkiej odpowiedzialno\u015bci, szkody i koszt\u00f3w, kt\u00f3re mog\u0105 wynikn\u0105\u0107 z jej niepowodzenia lub niew\u0142a\u015bciwego wykonania.<\/p>\n<p>Dlatego zalecamy uwa\u017cne przeczytanie odpowiednich informacji o ochronie prywatno\u015bci i warunk\u00f3w korzystania z takich stron internetowych przed udost\u0119pnieniem lub wyra\u017ceniem zgody na przetwarzanie swoich danych osobowych.<\/p>\n<h2>10. JAKIE S\u0104 TWOJE PRAWA W ZWI\u0104ZKU Z PRZETWARZANIEM TWOICH DANYCH OSOBOWYCH?<\/h2>\n<p>U\u017cytkownik, jako osoba, kt\u00f3rej dane dotycz\u0105, zgodnie z prawem, zawsze b\u0119dzie mia\u0142 <b>prawo do wycofania<\/b> w dowolnym momencie udzielonej <b>zgody<\/b>, co nie wp\u0142ywa na zgodno\u015b\u0107 z prawem przetwarzania opartego na zgodzie przed jej wycofaniem, a tak\u017ce do skorzystania w dowolnym momencie z nast\u0119puj\u0105cych praw:<\/p>\n<ol type=\"a\">\n<li>&#8222;<b>prawo dost\u0119pu<\/b>&#8222;, a w szczeg\u00f3lno\u015bci prawo do uzyskania potwierdzenia, czy dane osobowe dotycz\u0105ce Osoby, kt\u00f3rej dane dotycz\u0105, s\u0105 przetwarzane oraz prawo do przekazania takich danych w zrozumia\u0142ej formie;<\/li>\n<li>&#8222;<b>prawo do sprostowania<\/b>&#8222;, tj. prawo do \u017c\u0105dania sprostowania lub, w razie zainteresowania, integracji danych osobowych;<\/li>\n<li>&#8222;<b>prawo do bycia zapomnianym<\/b>&#8222;, tj. prawo do \u017c\u0105dania usuni\u0119cia lub anonimizacji danych osobowych, kt\u00f3re by\u0142y przetwarzane niezgodnie z prawem, w tym danych, kt\u00f3rych przechowywanie jest zb\u0119dne do Cel\u00f3w, dla kt\u00f3rych zosta\u0142y zebrane lub dalej przetwarzane;<\/li>\n<li>&#8222;<b>prawo do ograniczenia przetwarzania<\/b>&#8222;, tj. prawo do uzyskania od Administratora Danych ograniczenia przetwarzania w okre\u015blonych przypadkach przewidzianych w Przepisach o ochronie danych;<\/li>\n<li>prawo do \u017c\u0105dania od Administratora Danych wskazania odbiorc\u00f3w, kt\u00f3rych powiadomi\u0142 o sprostowaniu, usuni\u0119ciu lub ograniczeniu przetwarzania (zgodnie z art. 16, 17 i 18 RODO, w ramach wype\u0142nienia obowi\u0105zku powiadomienia, chyba \u017ce oka\u017ce si\u0119 to niemo\u017cliwe lub b\u0119dzie wymaga\u0107 niewsp\u00f3\u0142miernie du\u017cego wysi\u0142ku);<\/li>\n<li>&#8222;<b>prawo do przenoszenia danych<\/b>&#8222;, tj. prawo do otrzymania (lub przekazania bezpo\u015brednio innemu administratorowi danych) danych osobowych w ustrukturyzowanym, powszechnie u\u017cywanym formacie nadaj\u0105cym si\u0119 do odczytu maszynowego;<\/li>\n<li>&#8222;<b>prawo do sprzeciwu<\/b>&#8221; tj. prawo do sprzeciwu, w ca\u0142o\u015bci lub w cz\u0119\u015bci:\n<ul>\n<li>przetwarzaniu danych osobowych przez Administratora Danych w jego w\u0142asnym prawnie uzasadnionym interesie;<\/li>\n<li>przetwarzaniu danych osobowych przez Administratora Danych do cel\u00f3w marketingu bezpo\u015bredniego lub profilowania.<\/li>\n<\/ul>\n<\/li>\n<\/ol>\n<p>W powy\u017cszych przypadkach, je\u017celi zajdzie taka potrzeba, Administrator Danych poinformuje osoby trzecie, kt\u00f3rym ujawniono dane osobowe U\u017cytkownika, o skorzystaniu przez niego z praw, chyba \u017ce nie b\u0119dzie to mo\u017cliwe lub b\u0119dzie zbyt uci\u0105\u017cliwe, a w ka\u017cdym przypadku, zgodnie z Przepisami o ochronie danych.<\/p>\n<p>Wyra\u017anie rozumie si\u0119, zgodnie z art. 21 RODO, \u017ce w przypadku skorzystania przez U\u017cytkownika, z prawa do sprzeciwu, Administrator Danych zaprzestanie dalszego przetwarzania danych osobowych, chyba \u017ce Administrator Danych wyka\u017ce, \u017ce istniej\u0105 wi\u0105\u017c\u0105ce, prawnie uzasadnione powody do kontynuowania przetwarzania, nadrz\u0119dne wobec interes\u00f3w, praw i wolno\u015bci U\u017cytkownika, lub podstawy do ustalenia, wykonania lub obrony roszcze\u0144 w s\u0105dzie.<\/p>\n<p>W ka\u017cdym przypadku Sp\u00f3\u0142ka \u2013 gdy ma uzasadnione w\u0105tpliwo\u015bci co do to\u017csamo\u015bci U\u017cytkownika, kt\u00f3ry wyst\u0119puje z \u017c\u0105daniem, o czym mowa w art. 15 \u2013 21 RODO \u2013 mo\u017ce zwr\u00f3ci\u0107 si\u0119 o dodatkowe informacje w celu potwierdzenia to\u017csamo\u015bci U\u017cytkownika.<\/p>\n<h2>11. JAK MO\u017bNA SKORZYSTA\u0106 Z PRAW I JAK Z\u0141O\u017bY\u0106 SKARG\u0118 DO ORGANU OCHRONY DANYCH?<\/h2>\n<p>U\u017cytkownik jest uprawniony do wykonywania swoich praw w dowolnym momencie w nast\u0119puj\u0105cy spos\u00f3b:<\/p>\n<ul>\n<li>za po\u015brednictwem e-mail na adres: <a href=\"mailto:&#112;&#114;&#105;&#118;&#097;cy&#064;&#100;&#097;ta4grou&#112;.&#099;om\">p&#114;&#105;&#118;a&#099;&#121;&#064;&#100;&#097;t&#097;&#052;&#103;&#114;o&#117;p.&#099;om<\/a><\/li>\n<li>wysy\u0142aj\u0105c pismo na adres siedziby DATA4 wskazany w niniejszej Polityce.<\/li>\n<\/ul>\n<p>Administrator Danych niniejszym informuje U\u017cytkownika, \u017ce zgodnie z Przepisami o ochronie danych ma on prawo wnie\u015b\u0107 skarg\u0119 do w\u0142a\u015bciwego organu nadzorczego (w szczeg\u00f3lno\u015bci w Pa\u0144stwie Cz\u0142onkowskim miejsca pobytu, miejsca pracy lub miejsca domniemanego naruszenia), je\u017celi uwa\u017ca, \u017ce jego dane osobowe s\u0105 przetwarzane w spos\u00f3b, kt\u00f3ry mo\u017ce prowadzi\u0107 do naruszenia RODO.<\/p>\n<p>Aby u\u0142atwi\u0107 skorzystanie z prawa do z\u0142o\u017cenia skargi, nazwa i dane kontaktowe organu nadzorczego Unii Europejskiej s\u0105 dost\u0119pne pod nast\u0119puj\u0105cym linkiem:<a href=\"https:\/\/ec.europa.eu\/justice\/article-29\/structure\/data-protection-authorities\/index_en.htm\" target=\"_blank\" rel=\"noopener\"> https:\/\/ec.europa.eu\/justice\/article-29\/structure\/data-protection-authorities\/index_en.htm<\/a>.<\/p>\n<h2>12. AKTUALIZACJA POLITYKI PRYWATNO\u015aCI<\/h2>\n<p>Niniejsza Polityka Prywatno\u015bci mo\u017ce z czasem zosta\u0107 zmieniona. Zach\u0119camy U\u017cytkownik\u00f3w do okresowego sprawdzania jej zawarto\u015bci. W ka\u017cdym przypadku obowi\u0105zkiem Administratora Danych b\u0119dzie odpowiednie zg\u0142aszanie wszelkich znacz\u0105cych zmian wprowadzonych do niniejszej Polityki Prywatno\u015bci.<\/p>\n<p>Ostatnia aktualizacja mia\u0142a miejsce w 2024 r.<\/p>\n<p>&nbsp;<\/p>\n","protected":false},"excerpt":{"rendered":"<p>Zgodnie z przepisami maj\u0105cymi zastosowanie do ochrony danych osobowych (&#8222;Przepisy o ochronie danych&#8222;), \u0142\u0105cznie z rozporz\u0105dzeniem Parlamentu Europejskiego I Rady (UE) 2016\/679 (&#8222;RODO&#8222;), DATA4 Services S.A.S.U. (&#8222;DATA4&#8221; lub &#8222;Sp\u00f3\u0142ka&#8222;, &#8222;Administrator danych&#8222;), jako administrator danych, zapewnia u\u017cytkownikom (zwanym dalej &#8222;U\u017cytkownikami&#8221; lub &#8222;Osobami, kt\u00f3rych dane dotycz\u0105&#8221; lub, w liczbie pojedynczej, &#8222;U\u017cytkownikiem&#8221; lub &#8222;Osob\u0105, kt\u00f3rej dane dotycz\u0105&#8222;) strony [&hellip;]<\/p>\n","protected":false},"author":1,"featured_media":0,"parent":0,"menu_order":0,"comment_status":"closed","ping_status":"closed","template":"","meta":{"_acf_changed":false,"footnotes":""},"class_list":["post-29257","page","type-page","status-publish","hentry"],"acf":[],"yoast_head":"<!-- This site is optimized with the Yoast SEO plugin v27.4 - https:\/\/yoast.com\/product\/yoast-seo-wordpress\/ -->\n<title>Polityka prywatno\u015bci dla u\u017cytkownik\u00f3w strony internetowej - DATA4<\/title>\n<meta name=\"robots\" content=\"index, follow, max-snippet:-1, max-image-preview:large, max-video-preview:-1\" \/>\n<link rel=\"canonical\" href=\"https:\/\/www.data4group.com\/pl\/polityka-prywatnosci-dla-uzytkownikow-strony-internetowej\/\" \/>\n<meta property=\"og:locale\" content=\"pl_PL\" \/>\n<meta property=\"og:type\" content=\"article\" \/>\n<meta property=\"og:title\" content=\"Polityka prywatno\u015bci dla u\u017cytkownik\u00f3w strony internetowej - DATA4\" \/>\n<meta property=\"og:description\" content=\"Zgodnie z przepisami maj\u0105cymi zastosowanie do ochrony danych osobowych (&#8222;Przepisy o ochronie danych&#8222;), \u0142\u0105cznie z rozporz\u0105dzeniem Parlamentu Europejskiego I Rady (UE) 2016\/679 (&#8222;RODO&#8222;), DATA4 Services S.A.S.U. (&#8222;DATA4&#8221; lub &#8222;Sp\u00f3\u0142ka&#8222;, &#8222;Administrator danych&#8222;), jako administrator danych, zapewnia u\u017cytkownikom (zwanym dalej &#8222;U\u017cytkownikami&#8221; lub &#8222;Osobami, kt\u00f3rych dane dotycz\u0105&#8221; lub, w liczbie pojedynczej, &#8222;U\u017cytkownikiem&#8221; lub &#8222;Osob\u0105, kt\u00f3rej dane dotycz\u0105&#8222;) strony [&hellip;]\" \/>\n<meta property=\"og:url\" content=\"https:\/\/www.data4group.com\/pl\/polityka-prywatnosci-dla-uzytkownikow-strony-internetowej\/\" \/>\n<meta property=\"og:site_name\" content=\"DATA4 - Smart Data Centers at Scale\" \/>\n<meta property=\"article:modified_time\" content=\"2024-08-16T14:18:11+00:00\" \/>\n<meta name=\"twitter:card\" content=\"summary_large_image\" \/>\n<meta name=\"twitter:label1\" content=\"Szacowany czas czytania\" \/>\n\t<meta name=\"twitter:data1\" content=\"14 minut\" \/>\n<script type=\"application\/ld+json\" class=\"yoast-schema-graph\">{\"@context\":\"https:\\\/\\\/schema.org\",\"@graph\":[{\"@type\":\"WebPage\",\"@id\":\"https:\\\/\\\/www.data4group.com\\\/pl\\\/polityka-prywatnosci-dla-uzytkownikow-strony-internetowej\\\/\",\"url\":\"https:\\\/\\\/www.data4group.com\\\/pl\\\/polityka-prywatnosci-dla-uzytkownikow-strony-internetowej\\\/\",\"name\":\"Polityka prywatno\u015bci dla u\u017cytkownik\u00f3w strony internetowej - DATA4\",\"isPartOf\":{\"@id\":\"https:\\\/\\\/www.data4group.com\\\/pl\\\/#website\"},\"datePublished\":\"2024-08-01T13:02:19+00:00\",\"dateModified\":\"2024-08-16T14:18:11+00:00\",\"breadcrumb\":{\"@id\":\"https:\\\/\\\/www.data4group.com\\\/pl\\\/polityka-prywatnosci-dla-uzytkownikow-strony-internetowej\\\/#breadcrumb\"},\"inLanguage\":\"pl-PL\",\"potentialAction\":[{\"@type\":\"ReadAction\",\"target\":[\"https:\\\/\\\/www.data4group.com\\\/pl\\\/polityka-prywatnosci-dla-uzytkownikow-strony-internetowej\\\/\"]}]},{\"@type\":\"BreadcrumbList\",\"@id\":\"https:\\\/\\\/www.data4group.com\\\/pl\\\/polityka-prywatnosci-dla-uzytkownikow-strony-internetowej\\\/#breadcrumb\",\"itemListElement\":[{\"@type\":\"ListItem\",\"position\":1,\"name\":\"Strona g\u0142\u00f3wna\",\"item\":\"https:\\\/\\\/www.data4group.com\\\/pl\\\/\"},{\"@type\":\"ListItem\",\"position\":2,\"name\":\"Polityka prywatno\u015bci dla u\u017cytkownik\u00f3w strony internetowej\"}]},{\"@type\":\"WebSite\",\"@id\":\"https:\\\/\\\/www.data4group.com\\\/pl\\\/#website\",\"url\":\"https:\\\/\\\/www.data4group.com\\\/pl\\\/\",\"name\":\"DATA4 - Smart Data Centers at Scale\",\"description\":\"Smart Data Centers at Scale\",\"publisher\":{\"@id\":\"https:\\\/\\\/www.data4group.com\\\/pl\\\/#organization\"},\"potentialAction\":[{\"@type\":\"SearchAction\",\"target\":{\"@type\":\"EntryPoint\",\"urlTemplate\":\"https:\\\/\\\/www.data4group.com\\\/pl\\\/?s={search_term_string}\"},\"query-input\":{\"@type\":\"PropertyValueSpecification\",\"valueRequired\":true,\"valueName\":\"search_term_string\"}}],\"inLanguage\":\"pl-PL\"},{\"@type\":\"Organization\",\"@id\":\"https:\\\/\\\/www.data4group.com\\\/pl\\\/#organization\",\"name\":\"DATA4 - Smart datacenters at scale\",\"url\":\"https:\\\/\\\/www.data4group.com\\\/pl\\\/\",\"logo\":{\"@type\":\"ImageObject\",\"inLanguage\":\"pl-PL\",\"@id\":\"https:\\\/\\\/www.data4group.com\\\/pl\\\/#\\\/schema\\\/logo\\\/image\\\/\",\"url\":\"https:\\\/\\\/www.data4group.com\\\/wp-content\\\/uploads\\\/2021\\\/10\\\/data4-logo.svg\",\"contentUrl\":\"https:\\\/\\\/www.data4group.com\\\/wp-content\\\/uploads\\\/2021\\\/10\\\/data4-logo.svg\",\"width\":981,\"height\":558,\"caption\":\"DATA4 - Smart datacenters at scale\"},\"image\":{\"@id\":\"https:\\\/\\\/www.data4group.com\\\/pl\\\/#\\\/schema\\\/logo\\\/image\\\/\"}}]}<\/script>\n<!-- \/ Yoast SEO plugin. -->","yoast_head_json":{"title":"Polityka prywatno\u015bci dla u\u017cytkownik\u00f3w strony internetowej - DATA4","robots":{"index":"index","follow":"follow","max-snippet":"max-snippet:-1","max-image-preview":"max-image-preview:large","max-video-preview":"max-video-preview:-1"},"canonical":"https:\/\/www.data4group.com\/pl\/polityka-prywatnosci-dla-uzytkownikow-strony-internetowej\/","og_locale":"pl_PL","og_type":"article","og_title":"Polityka prywatno\u015bci dla u\u017cytkownik\u00f3w strony internetowej - DATA4","og_description":"Zgodnie z przepisami maj\u0105cymi zastosowanie do ochrony danych osobowych (&#8222;Przepisy o ochronie danych&#8222;), \u0142\u0105cznie z rozporz\u0105dzeniem Parlamentu Europejskiego I Rady (UE) 2016\/679 (&#8222;RODO&#8222;), DATA4 Services S.A.S.U. (&#8222;DATA4&#8221; lub &#8222;Sp\u00f3\u0142ka&#8222;, &#8222;Administrator danych&#8222;), jako administrator danych, zapewnia u\u017cytkownikom (zwanym dalej &#8222;U\u017cytkownikami&#8221; lub &#8222;Osobami, kt\u00f3rych dane dotycz\u0105&#8221; lub, w liczbie pojedynczej, &#8222;U\u017cytkownikiem&#8221; lub &#8222;Osob\u0105, kt\u00f3rej dane dotycz\u0105&#8222;) strony [&hellip;]","og_url":"https:\/\/www.data4group.com\/pl\/polityka-prywatnosci-dla-uzytkownikow-strony-internetowej\/","og_site_name":"DATA4 - Smart Data Centers at Scale","article_modified_time":"2024-08-16T14:18:11+00:00","twitter_card":"summary_large_image","twitter_misc":{"Szacowany czas czytania":"14 minut"},"schema":{"@context":"https:\/\/schema.org","@graph":[{"@type":"WebPage","@id":"https:\/\/www.data4group.com\/pl\/polityka-prywatnosci-dla-uzytkownikow-strony-internetowej\/","url":"https:\/\/www.data4group.com\/pl\/polityka-prywatnosci-dla-uzytkownikow-strony-internetowej\/","name":"Polityka prywatno\u015bci dla u\u017cytkownik\u00f3w strony internetowej - DATA4","isPartOf":{"@id":"https:\/\/www.data4group.com\/pl\/#website"},"datePublished":"2024-08-01T13:02:19+00:00","dateModified":"2024-08-16T14:18:11+00:00","breadcrumb":{"@id":"https:\/\/www.data4group.com\/pl\/polityka-prywatnosci-dla-uzytkownikow-strony-internetowej\/#breadcrumb"},"inLanguage":"pl-PL","potentialAction":[{"@type":"ReadAction","target":["https:\/\/www.data4group.com\/pl\/polityka-prywatnosci-dla-uzytkownikow-strony-internetowej\/"]}]},{"@type":"BreadcrumbList","@id":"https:\/\/www.data4group.com\/pl\/polityka-prywatnosci-dla-uzytkownikow-strony-internetowej\/#breadcrumb","itemListElement":[{"@type":"ListItem","position":1,"name":"Strona g\u0142\u00f3wna","item":"https:\/\/www.data4group.com\/pl\/"},{"@type":"ListItem","position":2,"name":"Polityka prywatno\u015bci dla u\u017cytkownik\u00f3w strony internetowej"}]},{"@type":"WebSite","@id":"https:\/\/www.data4group.com\/pl\/#website","url":"https:\/\/www.data4group.com\/pl\/","name":"DATA4 - Smart Data Centers at Scale","description":"Smart Data Centers at Scale","publisher":{"@id":"https:\/\/www.data4group.com\/pl\/#organization"},"potentialAction":[{"@type":"SearchAction","target":{"@type":"EntryPoint","urlTemplate":"https:\/\/www.data4group.com\/pl\/?s={search_term_string}"},"query-input":{"@type":"PropertyValueSpecification","valueRequired":true,"valueName":"search_term_string"}}],"inLanguage":"pl-PL"},{"@type":"Organization","@id":"https:\/\/www.data4group.com\/pl\/#organization","name":"DATA4 - Smart datacenters at scale","url":"https:\/\/www.data4group.com\/pl\/","logo":{"@type":"ImageObject","inLanguage":"pl-PL","@id":"https:\/\/www.data4group.com\/pl\/#\/schema\/logo\/image\/","url":"https:\/\/www.data4group.com\/wp-content\/uploads\/2021\/10\/data4-logo.svg","contentUrl":"https:\/\/www.data4group.com\/wp-content\/uploads\/2021\/10\/data4-logo.svg","width":981,"height":558,"caption":"DATA4 - Smart datacenters at scale"},"image":{"@id":"https:\/\/www.data4group.com\/pl\/#\/schema\/logo\/image\/"}}]}},"_links":{"self":[{"href":"https:\/\/www.data4group.com\/pl\/wp-json\/wp\/v2\/pages\/29257","targetHints":{"allow":["GET"]}}],"collection":[{"href":"https:\/\/www.data4group.com\/pl\/wp-json\/wp\/v2\/pages"}],"about":[{"href":"https:\/\/www.data4group.com\/pl\/wp-json\/wp\/v2\/types\/page"}],"author":[{"embeddable":true,"href":"https:\/\/www.data4group.com\/pl\/wp-json\/wp\/v2\/users\/1"}],"replies":[{"embeddable":true,"href":"https:\/\/www.data4group.com\/pl\/wp-json\/wp\/v2\/comments?post=29257"}],"version-history":[{"count":0,"href":"https:\/\/www.data4group.com\/pl\/wp-json\/wp\/v2\/pages\/29257\/revisions"}],"wp:attachment":[{"href":"https:\/\/www.data4group.com\/pl\/wp-json\/wp\/v2\/media?parent=29257"}],"curies":[{"name":"wp","href":"https:\/\/api.w.org\/{rel}","templated":true}]}}